{"id":2344,"date":"2022-11-29T17:11:14","date_gmt":"2022-11-29T15:11:14","guid":{"rendered":"https:\/\/elbosquet.com\/politica-de-privacitat\/"},"modified":"2022-12-27T10:32:23","modified_gmt":"2022-12-27T08:32:23","slug":"politica-de-privacitat","status":"publish","type":"page","link":"https:\/\/elbosquet.com\/es\/politica-de-privacitat\/","title":{"rendered":"Pol\u00edtica de privacitat"},"content":{"rendered":"<div class=\"fusion-fullwidth fullwidth-box fusion-builder-row-1 fusion-flex-container has-pattern-background has-mask-background nonhundred-percent-fullwidth non-hundred-percent-height-scrolling\" style=\"background-color: rgba(255,255,255,0);background-position: center center;background-repeat: no-repeat;border-width: 0px 0px 0px 0px;border-color:#e2e2e2;border-style:solid;\" ><div class=\"fusion-builder-row fusion-row fusion-flex-align-items-flex-start\" style=\"max-width:1248px;margin-left: calc(-4% \/ 2 );margin-right: calc(-4% \/ 2 );\"><div class=\"fusion-layout-column fusion_builder_column fusion-builder-column-0 fusion_builder_column_1_1 1_1 fusion-flex-column\"><div class=\"fusion-column-wrapper fusion-flex-justify-content-flex-start fusion-content-layout-column\" style=\"background-position:left top;background-repeat:no-repeat;-webkit-background-size:cover;-moz-background-size:cover;-o-background-size:cover;background-size:cover;padding: 0px 0px 0px 0px;\"><style type=\"text\/css\">@media only screen and (max-width:1024px) {.fusion-title.fusion-title-1{margin-top:10px!important; margin-right:0px!important;margin-bottom:15px!important;margin-left:0px!important;}}@media only screen and (max-width:640px) {.fusion-title.fusion-title-1{margin-top:10px!important; margin-right:0px!important;margin-bottom:10px!important; margin-left:0px!important;}}<\/style><div class=\"fusion-title title fusion-title-1 fusion-sep-none fusion-title-text fusion-title-size-one\" style=\"margin-top:10px;margin-right:0px;margin-bottom:15px;margin-left:0px;\"><h1 class=\"title-heading-left\" style=\"margin:0;color:#568c11;\"><h1><span style=\"color: #568c11;\">POL\u00cdTICA DE PRIVACITAT<\/span><\/h1><\/h1><\/div><div class=\"fusion-text fusion-text-1\"><p>El TITULAR de la web es compromet a protegir la privadesa dels usuaris que accedeixin a aquesta web i\/o qualsevol dels seus serveis. La utilitzaci\u00f3 de la web i\/o de qualsevol dels serveis oferts pel TITULAR, implica l\u2019acceptaci\u00f3 per part de l\u2019Usuari de les disposicions contingudes a la present Pol\u00edtica de Privadesa.<\/p>\n<p>Si us plau, tingueu en compte que malgrat que hi pugui haver enlla\u00e7os de la nostra web a altres webs, aquesta Pol\u00edtica de Privadesa no s\u2019aplica a les webs d\u2019altres companyies o organitzacions a les quals la web estigui redirigida. El TITULAR no controla el contingut dels llocs de tercers ni accepta cap mena de responsabilitat pel contingut o les pol\u00edtiques de privadesa d\u2019aquests llocs, tal com s\u2019indica al nostre Av\u00eds Legal.<\/p>\n<p>En compliment del Reglament (UE) 2016\/679 del Parlament Europeu i del Consell, del 27 d\u2019abril del 2016, (RGPD) i la Llei Org\u00e0nica 3\/2018, del 5 de desembre, de Protecci\u00f3 de Dades Personals i garantia dels drets digitals (LOPDGDD), us oferim la seg\u00fcent informaci\u00f3 sobre el tractament de les vostres dades personals:<\/p>\n<p><strong>Qui \u00e9s el responsable del tractament de les vostres dades?<\/strong><\/p>\n<p>El Responsable del tractament de les seves dades \u00e9s M\u00aa Carme Juvanteny Carrera amb DNI 77074125k i domicili a Mas Bosquet s\/n \u2013 17178 Puigpardines (d\u2019ara endavant, \u201cMAS EL BOSQUET\u201d). Les nostres dades figuren a l\u2019Av\u00eds Legal d\u2019aquesta web.<\/p>\n<p><strong>Amb quina finalitat tractem les vostres dades personals?<\/strong><\/p>\n<p>Tractem la informaci\u00f3 que se\u2019ns facilita per prestar i facturar els nostres serveis i\/o contestar sol\u00b7licituds d\u2019informaci\u00f3 o de contacte, aix\u00ed com per enviar informaci\u00f3 sobre les nostres activitats i serveis.<\/p>\n<p><strong>Durant quant de temps conservarem les vostres dades?<\/strong><\/p>\n<p>Les dades personals proporcionades es conservaran mentre sigui usuari dels nostres serveis o vulgui rebre informaci\u00f3 o mentre no ens sol\u00b7liciti la supressi\u00f3. Un cop es produeixi la finalitzaci\u00f3 de la relaci\u00f3 que mant\u00e9 amb MAS EL BOSQUET, les dades seran bloquejades fins que transcorrin els terminis de prescripci\u00f3 aplicables establerts a la normativa legal vigent.<\/p>\n<p><strong>Quina \u00e9s la legitimaci\u00f3 per al tractament de les dades facilitades?<\/strong><\/p>\n<p>La base legal per al tractament de les vostres dades per a les finalitats anteriorment descrit \u00e9s el vostre consentiment, lliurement atorgat en marcar les caselles d\u2019acceptaci\u00f3 dels formularis de recollida de dades de la nostra p\u00e0gina web.<\/p>\n<p><strong>A quins destinataris es comunicaran les dades facilitades?<\/strong><\/p>\n<p>Les dades personals de l\u2019interessat podran ser comunicades als destinataris seg\u00fcents:<\/p>\n<ul>\n<li>Administracions p\u00fabliques quan aix\u00ed ho estableixi una disposici\u00f3 legal aplicable i jutjats i tribunals.<\/li>\n<li>A tercers sempre que ho exigeixi una llei o sigui necessari per complir amb la finalitat del tractament.<\/li>\n<li>A prove\u00efdors que presten serveis a MAS EL BOSQUET relacionats amb la gesti\u00f3 del servei prestat a l\u2019interessat i que tenen la condici\u00f3 d\u2019encarregats del tractament. En qualsevol cas, els tercers amb qu\u00e8 es comparteixin determinades dades de car\u00e0cter personal de l\u2019interessat hauran acreditat pr\u00e8viament l\u2019adopci\u00f3 de mesures adequades per a la correcta protecci\u00f3 d\u2019aquests.<\/li>\n<\/ul>\n<p><strong>Quins s\u00f3n els seus drets com a Interessat?<\/strong><\/p>\n<p>Qualsevol persona t\u00e9 dret a obtenir confirmaci\u00f3 sobre si estem tractant dades personals que li concerneixen. Les persones interessades tenen dret a accedir a les seves dades personals, aix\u00ed com a sol\u00b7licitar la rectificaci\u00f3 de les dades inexactes o, si escau, sol\u00b7licitar la seva supressi\u00f3 quan, entre altres motius, les dades ja no siguin necess\u00e0ries per a les finalitats per a les quals van ser recollits.<\/p>\n<p>En determinats sup\u00f2sits l\u2019interessat tindr\u00e0 dret a sol\u00b7licitar la limitaci\u00f3 del tractament de les dades, cas en qu\u00e8 \u00fanicament les conservarem per a l\u2019exercici o la defensa de reclamacions.<\/p>\n<p>En determinades circumst\u00e0ncies i per motius relacionats amb la seva situaci\u00f3 particular, els interessats podran oposar-se al tractament de les dades. En aquest cas, MAS EL BOSQUET deixar\u00e0 de tractar les dades, excepte motius leg\u00edtims imperiosos o l\u2019exercici o la defensa de possibles reclamacions.<\/p>\n<p>En qualsevol dels casos anteriors, MAS EL BOSQUET comunicar\u00e0 qualsevol rectificaci\u00f3 o supressi\u00f3 de dades personals, aix\u00ed com qualsevol limitaci\u00f3 de tractament efectuada a cadascun dels<\/p>\n<p>destinataris als quals s\u2019hagin comunicat les dades personals, llevat que sigui o exigeixi un esfor\u00e7 desproporcionat. Si aix\u00ed ho sol\u00b7licita l\u2019interessat, MAS EL BOSQUET us informar\u00e0 sobre aquests destinataris.<\/p>\n<p>Aix\u00ed mateix, l\u2019interessat tindr\u00e0 dret a rebre les dades personals que li incumbeixin, que hagi facilitat a MAS EL BOSQUET, en un format estructurat, d\u2019\u00fas com\u00fa i lectura mec\u00e0nica, ia transmetre\u2019ls a un altre responsable quan el tractament es base en el consentiment o en un contracte i s\u2019efectu\u00ef per mitjans automatitzats.<\/p>\n<p>L\u2019interessat tindr\u00e0 dret a oposar-se en qualsevol moment, per motius relacionats amb la seva situaci\u00f3 particular, que dades personals que li concerneixin siguin objecte d\u2019un tractament basat en l\u2019inter\u00e8s p\u00fablic o leg\u00edtim per MAS EL BOSQUET, o un tercer, incloent-hi la elaboraci\u00f3 de perfils, a fi que MAS EL BOSQUET deixi de tractar les dades personals, llevat que aquestes puguin acreditar motius leg\u00edtims imperiosos per al tractament que prevalguin sobre els interessos, drets i llibertats de l\u2019interessat, o per a la formulaci\u00f3, exercici o defensa de reclamacions.<\/p>\n<p>Aix\u00ed mateix, l\u2019interessat tindr\u00e0 dret a no ser objecte d\u2019una decisi\u00f3 basada \u00fanicament en el tractament automatitzat, incloent-hi l\u2019elaboraci\u00f3 de perfils, que hi produeixi efectes jur\u00eddics o l\u2019afecti significativament, llevat que aquesta decisi\u00f3 sigui necess\u00e0ria per a la celebraci\u00f3 o l\u2019execuci\u00f3 d\u2019un contracte amb MAS EL BOSQUET i estigui autoritzada per la legalitat europea o estatal vigent o es base en el consentiment expl\u00edcit de l\u2019interessat.<\/p>\n<p>Finalment, l\u2019interessat tindr\u00e0 dret a presentar reclamaci\u00f3 davant les autoritats de protecci\u00f3 de dades.<\/p>\n<p><strong>Com podeu exercir els vostres drets?<\/strong><\/p>\n<p>Els referits drets d\u2019acc\u00e9s, rectificaci\u00f3, supressi\u00f3, oposici\u00f3, portabilitat i limitaci\u00f3, aix\u00ed com si no s\u00f3n objecte de decisions individuals automatitzades, podran ser exercits enviant una sol\u00b7licitud escrita amb c\u00f2pia adjunta del seu DNI a trav\u00e9s de la seg\u00fcent adre\u00e7a de correu electr\u00f2nic: info@elbosquet.com<\/p>\n<p><strong>Com hem obtingut les vostres dades?<\/strong><\/p>\n<p>Les dades personals que tractem procedeixen del mateix interessat, que garanteix que les dades personals facilitades s\u00f3n certes i es fa responsable de comunicar qualsevol modificaci\u00f3. Les dades que s\u2019hagin d\u2019introduir en un camp que estigui marcat amb un asterisc s\u00f3n obligat\u00f2ries per poder prestar-li el servei sol\u00b7licitat.<\/p>\n<p>En el cas que hagi proporcionat dades de car\u00e0cter personal de terceres persones, amb l\u2019acceptaci\u00f3 de la present pol\u00edtica de privadesa garanteix que les ha demanat l\u00edcitament i que ha subministrat a l\u2019afectat la informaci\u00f3 necess\u00e0ria sobre el tractament de les seves dades. Aix\u00ed mateix, vost\u00e8 es fa responsable de sol\u00b7licitar el consentiment de l\u2019afectat per a la cessi\u00f3 i tractament de les seves dades de car\u00e0cter personal per compte de MAS EL BOSQUET.<\/p>\n<p><strong>Quines dades tractem?<\/strong><\/p>\n<p>Les categories de dades que podem tractar s\u00f3n:<\/p>\n<ul>\n<li>Dades de car\u00e0cter identificatiu.<\/li>\n<li>Adreces postals o electr\u00f2niques.<\/li>\n<li>Tel\u00e8fon<\/li>\n<li>Data de naixement<\/li>\n<li>DNI<\/li>\n<\/ul>\n<\/div><\/div><style type=\"text\/css\">.fusion-body .fusion-builder-column-0{width:100% !important;margin-top : 0px;margin-bottom : 20px;}.fusion-builder-column-0 > .fusion-column-wrapper {padding-top : 0px !important;padding-right : 0px !important;margin-right : 1.92%;padding-bottom : 0px !important;padding-left : 0px !important;margin-left : 1.92%;}@media only screen and (max-width:1024px) {.fusion-body .fusion-builder-column-0{width:100% !important;order : 0;}.fusion-builder-column-0 > .fusion-column-wrapper {margin-right : 1.92%;margin-left : 1.92%;}}@media only screen and (max-width:640px) {.fusion-body .fusion-builder-column-0{width:100% !important;order : 0;}.fusion-builder-column-0 > .fusion-column-wrapper {margin-right : 1.92%;margin-left : 1.92%;}}<\/style><\/div><\/div><style type=\"text\/css\">.fusion-body .fusion-flex-container.fusion-builder-row-1{ padding-top : 0px;margin-top : 0px;padding-right : 0px;padding-bottom : 0px;margin-bottom : 0px;padding-left : 0px;}<\/style><\/div>\n","protected":false},"excerpt":{"rendered":"","protected":false},"author":1,"featured_media":0,"parent":0,"menu_order":0,"comment_status":"closed","ping_status":"closed","template":"","meta":{"footnotes":""},"class_list":["post-2344","page","type-page","status-publish","hentry"],"_links":{"self":[{"href":"https:\/\/elbosquet.com\/es\/wp-json\/wp\/v2\/pages\/2344","targetHints":{"allow":["GET"]}}],"collection":[{"href":"https:\/\/elbosquet.com\/es\/wp-json\/wp\/v2\/pages"}],"about":[{"href":"https:\/\/elbosquet.com\/es\/wp-json\/wp\/v2\/types\/page"}],"author":[{"embeddable":true,"href":"https:\/\/elbosquet.com\/es\/wp-json\/wp\/v2\/users\/1"}],"replies":[{"embeddable":true,"href":"https:\/\/elbosquet.com\/es\/wp-json\/wp\/v2\/comments?post=2344"}],"version-history":[{"count":1,"href":"https:\/\/elbosquet.com\/es\/wp-json\/wp\/v2\/pages\/2344\/revisions"}],"predecessor-version":[{"id":2349,"href":"https:\/\/elbosquet.com\/es\/wp-json\/wp\/v2\/pages\/2344\/revisions\/2349"}],"wp:attachment":[{"href":"https:\/\/elbosquet.com\/es\/wp-json\/wp\/v2\/media?parent=2344"}],"curies":[{"name":"wp","href":"https:\/\/api.w.org\/{rel}","templated":true}]}}